{"id":8,"date":"2022-07-20T05:04:45","date_gmt":"2022-07-20T05:04:45","guid":{"rendered":"https:\/\/www.cestinaexplicitne.cz\/?page_id=8"},"modified":"2022-07-21T05:35:11","modified_gmt":"2022-07-21T05:35:11","slug":"about","status":"publish","type":"page","link":"https:\/\/www.cestinaexplicitne.cz\/?page_id=8","title":{"rendered":"O \u010dem to tu je"},"content":{"rendered":"\t\t<div data-elementor-type=\"wp-page\" data-elementor-id=\"8\" class=\"elementor elementor-8\">\n\t\t\t\t\t\t<section class=\"elementor-section elementor-top-section elementor-element elementor-element-062857c elementor-section-boxed elementor-section-height-default elementor-section-height-default\" data-id=\"062857c\" data-element_type=\"section\">\n\t\t\t\t\t\t<div class=\"elementor-container elementor-column-gap-default\">\n\t\t\t\t\t<div class=\"elementor-column elementor-col-66 elementor-top-column elementor-element elementor-element-0cc18d3\" data-id=\"0cc18d3\" data-element_type=\"column\">\n\t\t\t<div class=\"elementor-widget-wrap elementor-element-populated\">\n\t\t\t\t\t\t<div class=\"elementor-element elementor-element-b08a9d1 elementor-widget elementor-widget-text-editor\" data-id=\"b08a9d1\" data-element_type=\"widget\" data-widget_type=\"text-editor.default\">\n\t\t\t\t<div class=\"elementor-widget-container\">\n\t\t\t<style>\/*! elementor - v3.23.0 - 05-08-2024 *\/\n.elementor-widget-text-editor.elementor-drop-cap-view-stacked .elementor-drop-cap{background-color:#69727d;color:#fff}.elementor-widget-text-editor.elementor-drop-cap-view-framed .elementor-drop-cap{color:#69727d;border:3px solid;background-color:transparent}.elementor-widget-text-editor:not(.elementor-drop-cap-view-default) .elementor-drop-cap{margin-top:8px}.elementor-widget-text-editor:not(.elementor-drop-cap-view-default) .elementor-drop-cap-letter{width:1em;height:1em}.elementor-widget-text-editor .elementor-drop-cap{float:left;text-align:center;line-height:1;font-size:50px}.elementor-widget-text-editor .elementor-drop-cap-letter{display:inline-block}<\/style>\t\t\t\t<p>U\u010ditel\u00e9 v&nbsp;anglo-americk\u00e9m sv\u011bt\u011b za\u010dali v&nbsp;posledn\u00edch letech do sv\u00fdch t\u0159\u00edd uv\u00e1d\u011bt nov\u00e9 postupy zalo\u017een\u00e9 na nejnov\u011bj\u0161\u00edch poznatc\u00edch kognitivn\u00edch v\u011bd. K n\u00e1m se tato praxe pod r\u016fzn\u00fdmi n\u00e1zvy \u2013&nbsp; <strong>explicitn\u00ed v\u00fduka, responzivn\u00ed v\u00fduka nebo formativn\u00ed hodnocen\u00ed<\/strong> \u2013 dost\u00e1v\u00e1 p\u0159edev\u0161\u00edm d\u00edky publikac\u00edm nakladatelstv\u00ed PublishED a blogu Pavla Bobka na webu Otev\u0159ena. C\u00edlem str\u00e1nky \u201e\u010ce\u0161tina explicitn\u011b\u201c je uk\u00e1zat aplikaci kl\u00ed\u010dov\u00fdch v\u00fdchodisek a postup\u016f explicitn\u00ed v\u00fduky na vyu\u010dov\u00e1n\u00ed druhostup\u0148ov\u00e9 \u010de\u0161tiny.&nbsp;<br><\/p>\t\t\t\t\t\t<\/div>\n\t\t\t\t<\/div>\n\t\t\t\t\t<\/div>\n\t\t<\/div>\n\t\t\t\t<div class=\"elementor-column elementor-col-33 elementor-top-column elementor-element elementor-element-226b0e5\" data-id=\"226b0e5\" data-element_type=\"column\">\n\t\t\t<div class=\"elementor-widget-wrap elementor-element-populated\">\n\t\t\t\t\t\t<div class=\"elementor-element elementor-element-bd0dc46 elementor-widget elementor-widget-image\" data-id=\"bd0dc46\" data-element_type=\"widget\" data-widget_type=\"image.default\">\n\t\t\t\t<div class=\"elementor-widget-container\">\n\t\t\t<style>\/*! elementor - v3.23.0 - 05-08-2024 *\/\n.elementor-widget-image{text-align:center}.elementor-widget-image a{display:inline-block}.elementor-widget-image a img[src$=\".svg\"]{width:48px}.elementor-widget-image img{vertical-align:middle;display:inline-block}<\/style>\t\t\t\t\t\t\t\t\t\t<img fetchpriority=\"high\" decoding=\"async\" width=\"950\" height=\"570\" src=\"https:\/\/www.cestinaexplicitne.cz\/wp-content\/uploads\/2022\/07\/cropped-logo-1-scaled-4-1024x614.jpg\" class=\"attachment-large size-large wp-image-126\" alt=\"\" srcset=\"https:\/\/www.cestinaexplicitne.cz\/wp-content\/uploads\/2022\/07\/cropped-logo-1-scaled-4-1024x614.jpg 1024w, https:\/\/www.cestinaexplicitne.cz\/wp-content\/uploads\/2022\/07\/cropped-logo-1-scaled-4-300x180.jpg 300w, https:\/\/www.cestinaexplicitne.cz\/wp-content\/uploads\/2022\/07\/cropped-logo-1-scaled-4-768x461.jpg 768w, https:\/\/www.cestinaexplicitne.cz\/wp-content\/uploads\/2022\/07\/cropped-logo-1-scaled-4-1536x922.jpg 1536w, https:\/\/www.cestinaexplicitne.cz\/wp-content\/uploads\/2022\/07\/cropped-logo-1-scaled-4.jpg 2000w\" sizes=\"100vw\" \/>\t\t\t\t\t\t\t\t\t\t\t\t\t<\/div>\n\t\t\t\t<\/div>\n\t\t\t\t\t<\/div>\n\t\t<\/div>\n\t\t\t\t\t<\/div>\n\t\t<\/section>\n\t\t\t\t<section class=\"elementor-section elementor-top-section elementor-element elementor-element-a2907a4 elementor-section-boxed elementor-section-height-default elementor-section-height-default\" data-id=\"a2907a4\" data-element_type=\"section\">\n\t\t\t\t\t\t<div class=\"elementor-container elementor-column-gap-default\">\n\t\t\t\t\t<div class=\"elementor-column elementor-col-100 elementor-top-column elementor-element elementor-element-49dc01f\" data-id=\"49dc01f\" data-element_type=\"column\">\n\t\t\t<div class=\"elementor-widget-wrap elementor-element-populated\">\n\t\t\t\t\t\t<div class=\"elementor-element elementor-element-fa29bc1 elementor-widget elementor-widget-text-editor\" data-id=\"fa29bc1\" data-element_type=\"widget\" data-widget_type=\"text-editor.default\">\n\t\t\t\t<div class=\"elementor-widget-container\">\n\t\t\t\t\t\t\t<p style=\"margin-bottom: 0cm;\">Najdete tu sylaby a pl\u00e1ny lekc\u00ed pokr\u00fdvaj\u00edc\u00ed u\u010divo syntaxe a morfologie, metodiku \u010dten\u00e1\u0159sk\u00fdch d\u00edlen a n\u011bkolik uk\u00e1zek pr\u00e1ce s\u00a0literaturou. A\u010dkoliv lze vz\u00edt obsah jako celek a tak, jak je, ho pou\u017e\u00edt ve t\u0159\u00edd\u011b, nejedn\u00e1 se o n\u00e1vod k\u00a0\u0159e\u0161en\u00ed, ale sp\u00ed\u0161e o pr\u016fb\u011b\u017enou zpr\u00e1vu o v\u00edcem\u00e9n\u011b \u00fasp\u011b\u0161n\u00e9m hled\u00e1n\u00ed. I proto je sou\u010d\u00e1st\u00ed str\u00e1nek blog, kam lze p\u0159isp\u011bt zpr\u00e1vou o va\u0161\u00ed explicitn\u00ed praxi. Za zp\u011btnou vazbu a diskuzi prost\u0159ednictv\u00edm koment\u00e1\u0159\u016f nebo emailu budu r\u00e1d.<\/p><p style=\"margin-bottom: 0cm;\">\u00a0<\/p><h3 style=\"margin-bottom: 0cm;\">Jak lze tyto str\u00e1nky vyu\u017e\u00edt:<\/h3><div>\u00a0<\/div><ul><li>nechat se inspirovat \u201ev\u00fdchodisky explicitn\u00ed v\u00fduky\u201c v\u010detn\u011b doporu\u010den\u00e9 literatury k uva\u017eov\u00e1n\u00ed o v\u00fduce a stavb\u011b lekc\u00ed a sylab\u016f<\/li><li>nechat se inspirovat n\u011bkolika p\u0159\u00edpravami a naj\u00edt si postupy pro vlastn\u00ed u\u010den\u00ed<\/li><li>vybrat si jednotliv\u00e9 hodiny na z\u00e1klad\u011b t\u00e9mat a c\u00edl\u016f a pou\u017e\u00edt pl\u00e1n lekce s \u00fapravami nebo tak, jak je<\/li><li>p\u0159ebrat n\u011bkter\u00fd ze sylab\u016f s c\u00edli pro jednotliv\u00e9 oblasti<\/li><li>vz\u00edt si sylaby a pl\u00e1ny a podle nich u\u010dit\u00a0<\/li><\/ul>\t\t\t\t\t\t<\/div>\n\t\t\t\t<\/div>\n\t\t\t\t\t<\/div>\n\t\t<\/div>\n\t\t\t\t\t<\/div>\n\t\t<\/section>\n\t\t\t\t<section class=\"elementor-section elementor-top-section elementor-element elementor-element-656a982 elementor-section-boxed elementor-section-height-default elementor-section-height-default\" data-id=\"656a982\" data-element_type=\"section\">\n\t\t\t\t\t\t<div class=\"elementor-container elementor-column-gap-default\">\n\t\t\t\t\t<div class=\"elementor-column elementor-col-66 elementor-top-column elementor-element elementor-element-c7c8ad1\" data-id=\"c7c8ad1\" data-element_type=\"column\">\n\t\t\t<div class=\"elementor-widget-wrap elementor-element-populated\">\n\t\t\t\t\t\t<div class=\"elementor-element elementor-element-ef2ddff elementor-widget elementor-widget-text-editor\" data-id=\"ef2ddff\" data-element_type=\"widget\" data-widget_type=\"text-editor.default\">\n\t\t\t\t<div class=\"elementor-widget-container\">\n\t\t\t\t\t\t\t<h3>Pro\u010d \u010de\u0161tina explicitn\u011b?<\/h3><p>Na svoji prvn\u00ed hodinu syntaxe jsem si pozval na n\u00e1slech kolegyni. V\u00a0r\u00e1mci zp\u011btn\u00e9 vazby hodinu ocenila a \u0159ekla, \u017ee by ji zaj\u00edmala jen jedna v\u011bc: pro\u010d jsem b\u011bhem hodiny tak vzdychal. Nebyl jsem si vzdych\u00e1n\u00ed v\u011bdom, ale zjevn\u011b do neverb\u00e1ln\u00edho projevu pros\u00e1kla moje nechu\u0165 k\u00a0l\u00e1tce. P\u0159ipadala mi t\u011b\u017ek\u00e1, bylo mi l\u00edto \u017e\u00e1k\u016f, kte\u0159\u00ed se j\u00ed museli tr\u00e1pit.<\/p>\t\t\t\t\t\t<\/div>\n\t\t\t\t<\/div>\n\t\t\t\t\t<\/div>\n\t\t<\/div>\n\t\t\t\t<div class=\"elementor-column elementor-col-33 elementor-top-column elementor-element elementor-element-fb2f86b\" data-id=\"fb2f86b\" data-element_type=\"column\">\n\t\t\t<div class=\"elementor-widget-wrap elementor-element-populated\">\n\t\t\t\t\t\t<div class=\"elementor-element elementor-element-d3e9229 elementor-widget elementor-widget-image\" data-id=\"d3e9229\" data-element_type=\"widget\" data-widget_type=\"image.default\">\n\t\t\t\t<div class=\"elementor-widget-container\">\n\t\t\t\t\t\t\t\t\t\t\t\t\t<img decoding=\"async\" width=\"950\" height=\"713\" src=\"https:\/\/www.cestinaexplicitne.cz\/wp-content\/uploads\/2022\/07\/20220719_144906-1024x768.jpg\" class=\"attachment-large size-large wp-image-29\" alt=\"\" srcset=\"https:\/\/www.cestinaexplicitne.cz\/wp-content\/uploads\/2022\/07\/20220719_144906-1024x768.jpg 1024w, https:\/\/www.cestinaexplicitne.cz\/wp-content\/uploads\/2022\/07\/20220719_144906-300x225.jpg 300w, https:\/\/www.cestinaexplicitne.cz\/wp-content\/uploads\/2022\/07\/20220719_144906-768x576.jpg 768w, https:\/\/www.cestinaexplicitne.cz\/wp-content\/uploads\/2022\/07\/20220719_144906-1536x1152.jpg 1536w, https:\/\/www.cestinaexplicitne.cz\/wp-content\/uploads\/2022\/07\/20220719_144906-2048x1536.jpg 2048w, https:\/\/www.cestinaexplicitne.cz\/wp-content\/uploads\/2022\/07\/20220719_144906-2000x1500.jpg 2000w\" sizes=\"100vw\" \/>\t\t\t\t\t\t\t\t\t\t\t\t\t<\/div>\n\t\t\t\t<\/div>\n\t\t\t\t\t<\/div>\n\t\t<\/div>\n\t\t\t\t\t<\/div>\n\t\t<\/section>\n\t\t\t\t<section class=\"elementor-section elementor-top-section elementor-element elementor-element-72fac46 elementor-section-boxed elementor-section-height-default elementor-section-height-default\" data-id=\"72fac46\" data-element_type=\"section\">\n\t\t\t\t\t\t<div class=\"elementor-container elementor-column-gap-default\">\n\t\t\t\t\t<div class=\"elementor-column elementor-col-100 elementor-top-column elementor-element elementor-element-a34ba94\" data-id=\"a34ba94\" data-element_type=\"column\">\n\t\t\t<div class=\"elementor-widget-wrap elementor-element-populated\">\n\t\t\t\t\t\t<div class=\"elementor-element elementor-element-41bdc01 elementor-widget elementor-widget-text-editor\" data-id=\"41bdc01\" data-element_type=\"widget\" data-widget_type=\"text-editor.default\">\n\t\t\t\t<div class=\"elementor-widget-container\">\n\t\t\t\t\t\t\t<p class=\"MsoNormal\" style=\"margin-bottom: 0cm;\">P\u0159em\u00fd\u0161lel jsem, jak pomoci jim i sob\u011b, a shodou okolnost\u00ed narazil na prvn\u00ed \u010dl\u00e1nky Pavla Bobka o explicitn\u00ed v\u00fduce. Postupn\u011b jsem si za\u010dal p\u016fj\u010dovat n\u011bkter\u00e9 z&nbsp;postup\u016f, kter\u00e9 popisuje, aby mi pomohly s&nbsp;ob\u00e1vanou syntax\u00ed. V\u00fdsledky m\u011b p\u0159ekvapily: ka\u017ed\u00fd \u017e\u00e1k um\u011bl v&nbsp;polovin\u011b dev\u00e1t\u00e9 t\u0159\u00eddy l\u00e1tku, kterou jsem se j\u00e1 tr\u00e1pil je\u0161t\u011b na bakal\u00e1\u0159sk\u00fdch studi\u00edch; co v\u00edc, v&nbsp;online hodin\u00e1ch se mi za\u010dala zvy\u0161ovat zapojenost \u017e\u00e1k\u016f, v\u00edce d\u011bt\u00ed si za\u010dalo br\u00e1t dobrovoln\u00e9 \u00fakoly na t\u011b\u017e\u0161\u00edch \u00farovn\u00edch (od t\u00e9 doby, co jsem za\u010dal u\u010dit explicitn\u011b, byl nar\u016fst z\u00e1jmu o slo\u017eit\u011bj\u0161\u00ed zad\u00e1n\u00ed 200%) a od d\u011bt\u00ed p\u0159ich\u00e1zela zp\u011btn\u00e1 vazba, \u017ee je syntax <i>bav\u00ed<\/i>. To m\u011b p\u0159ekvapilo. T\u00edm sp\u00ed\u0161e, \u017ee p\u0159i konkr\u00e9tn\u011bj\u0161\u00edch odpov\u011bd\u00edch na to, co jim b\u011bhem hodin vyhovuje, zm\u00ednilo 19 ze 34 dotazn\u00edk\u016f konkr\u00e9tn\u00ed metody explicitn\u00ed v\u00fduky, jako je vyvol\u00e1v\u00e1n\u00ed pomoc\u00ed d\u0159\u00edvek, vysv\u011btlen\u00ed nebo samostatn\u00e9 procvi\u010dov\u00e1n\u00ed.<\/p>\n<p><\/p>\n<p class=\"MsoNormal\" style=\"margin-bottom: 0cm;\">\n<\/p>\t\t\t\t\t\t<\/div>\n\t\t\t\t<\/div>\n\t\t\t\t\t<\/div>\n\t\t<\/div>\n\t\t\t\t\t<\/div>\n\t\t<\/section>\n\t\t\t\t<section class=\"elementor-section elementor-top-section elementor-element elementor-element-2b7e3df elementor-section-boxed elementor-section-height-default elementor-section-height-default\" data-id=\"2b7e3df\" data-element_type=\"section\">\n\t\t\t\t\t\t<div class=\"elementor-container elementor-column-gap-default\">\n\t\t\t\t\t<div class=\"elementor-column elementor-col-25 elementor-top-column elementor-element elementor-element-c63a1b1\" data-id=\"c63a1b1\" data-element_type=\"column\">\n\t\t\t<div class=\"elementor-widget-wrap elementor-element-populated\">\n\t\t\t\t\t\t<div class=\"elementor-element elementor-element-d375dad elementor-view-default elementor-widget elementor-widget-icon\" data-id=\"d375dad\" data-element_type=\"widget\" data-widget_type=\"icon.default\">\n\t\t\t\t<div class=\"elementor-widget-container\">\n\t\t\t\t\t<div class=\"elementor-icon-wrapper\">\n\t\t\t<div class=\"elementor-icon\">\n\t\t\t<i aria-hidden=\"true\" class=\"fas fa-quote-left\"><\/i>\t\t\t<\/div>\n\t\t<\/div>\n\t\t\t\t<\/div>\n\t\t\t\t<\/div>\n\t\t\t\t\t<\/div>\n\t\t<\/div>\n\t\t\t\t<div class=\"elementor-column elementor-col-50 elementor-top-column elementor-element elementor-element-acc3f28\" data-id=\"acc3f28\" data-element_type=\"column\">\n\t\t\t<div class=\"elementor-widget-wrap elementor-element-populated\">\n\t\t\t\t\t\t<div class=\"elementor-element elementor-element-aad4312 elementor-widget elementor-widget-text-editor\" data-id=\"aad4312\" data-element_type=\"widget\" data-widget_type=\"text-editor.default\">\n\t\t\t\t<div class=\"elementor-widget-container\">\n\t\t\t\t\t\t\t<p>Explicitn\u011b postaven\u00e1 hodina d\u00e1v\u00e1 d\u011btem neust\u00e1le za\u017e\u00edvat \u00fasp\u011bch. S\u00a0ka\u017ed\u00fdm krokem vid\u00ed, \u017ee n\u011bco zvl\u00e1daj\u00ed a \u017ee se u\u010d\u00ed.\u00a0<\/p>\t\t\t\t\t\t<\/div>\n\t\t\t\t<\/div>\n\t\t\t\t\t<\/div>\n\t\t<\/div>\n\t\t\t\t<div class=\"elementor-column elementor-col-25 elementor-top-column elementor-element elementor-element-5e64426\" data-id=\"5e64426\" data-element_type=\"column\">\n\t\t\t<div class=\"elementor-widget-wrap elementor-element-populated\">\n\t\t\t\t\t\t<div class=\"elementor-element elementor-element-c869380 elementor-view-default elementor-widget elementor-widget-icon\" data-id=\"c869380\" data-element_type=\"widget\" data-widget_type=\"icon.default\">\n\t\t\t\t<div class=\"elementor-widget-container\">\n\t\t\t\t\t<div class=\"elementor-icon-wrapper\">\n\t\t\t<div class=\"elementor-icon\">\n\t\t\t<i aria-hidden=\"true\" class=\"fas fa-quote-right\"><\/i>\t\t\t<\/div>\n\t\t<\/div>\n\t\t\t\t<\/div>\n\t\t\t\t<\/div>\n\t\t\t\t\t<\/div>\n\t\t<\/div>\n\t\t\t\t\t<\/div>\n\t\t<\/section>\n\t\t\t\t<section class=\"elementor-section elementor-top-section elementor-element elementor-element-f8f487e elementor-section-boxed elementor-section-height-default elementor-section-height-default\" data-id=\"f8f487e\" data-element_type=\"section\">\n\t\t\t\t\t\t<div class=\"elementor-container elementor-column-gap-default\">\n\t\t\t\t\t<div class=\"elementor-column elementor-col-100 elementor-top-column elementor-element elementor-element-5527af8\" data-id=\"5527af8\" data-element_type=\"column\">\n\t\t\t<div class=\"elementor-widget-wrap elementor-element-populated\">\n\t\t\t\t\t\t<div class=\"elementor-element elementor-element-49c9a9c elementor-widget elementor-widget-text-editor\" data-id=\"49c9a9c\" data-element_type=\"widget\" data-widget_type=\"text-editor.default\">\n\t\t\t\t<div class=\"elementor-widget-container\">\n\t\t\t\t\t\t\t<p class=\"MsoNormal\" style=\"margin-bottom: 0cm;\"><span style=\"font-family: var( --e-global-typography-text-font-family ), Sans-serif; font-weight: var( --e-global-typography-text-font-weight );\">Explicitn\u00ed v\u00fduka z\u00e1bavn\u011b nevypad\u00e1. Oproti kreativn\u00edm konstruktivisticky postaven\u00fdm hodin\u00e1m kritick\u00e9ho my\u0161len\u00ed p\u016fsob\u00ed jej\u00ed opakuj\u00edc\u00ed rutina nez\u00e1\u017eivn\u011b. Nicm\u00e9n\u011b explicitn\u011b postaven\u00e1 hodina d\u00e1v\u00e1 d\u011btem neust\u00e1le za\u017e\u00edvat \u00fasp\u011bch. S\u00a0ka\u017ed\u00fdm krokem vid\u00ed, \u017ee n\u011bco zvl\u00e1daj\u00ed a \u017ee se u\u010d\u00ed. Hodiny jsou p\u0159edv\u00eddateln\u00e9: \u017e\u00e1ci v\u011bd\u00ed, co bude n\u00e1sledovat, a v\u011bd\u00ed, co se od nich o\u010dek\u00e1v\u00e1. \u201eZ\u00e1bavnost\u201c, kterou d\u011bti reflektovaly, interpretuji jako opak nudy, kterou pro\u017e\u00edvaj\u00ed, kdy\u017e jim u\u010den\u00ed neposkytuje \u0161anci za\u017e\u00edt si \u00fasp\u011bch bu\u010f proto, \u017ee jen pasivn\u011b poslouchaj\u00ed, nebo proto, \u017ee nev\u00ed p\u0159esn\u011b, co se po nich chce a co maj\u00ed ud\u011blat proto, aby usp\u011bly.<\/span><span style=\"font-family: var( --e-global-typography-text-font-family ), Sans-serif; font-weight: var( --e-global-typography-text-font-weight );\">\u00a0<\/span><\/p><p>\u00a0<\/p><p class=\"MsoNormal\" style=\"margin-bottom: 0cm;\">Neznamen\u00e1 to, \u017ee doporu\u010duji u\u010dit explicitn\u011b po\u0159\u00e1d. S\u00e1m to ned\u011bl\u00e1m, co\u017e je vid\u011bt u hodin literatury nebo z\u00a0veden\u00ed \u010dten\u00e1\u0159sk\u00fdch d\u00edlen. Je to nicm\u00e9n\u011b metoda, kter\u00e1 mi pomohla, kdy\u017e jsem si nev\u011bd\u011bl rady. D\u00e1v\u00e1m ji proto k\u00a0dispozici jako krok na cest\u011b. Proto\u017ee v\u0161e, co pom\u016f\u017ee jednomu u\u010diteli, pom\u016f\u017ee des\u00edtk\u00e1m d\u011bt\u00ed.<\/p><p>\u00a0<\/p><p class=\"MsoNormal\" style=\"margin-bottom: 0cm;\">\u00a0<\/p>\t\t\t\t\t\t<\/div>\n\t\t\t\t<\/div>\n\t\t\t\t\t<\/div>\n\t\t<\/div>\n\t\t\t\t\t<\/div>\n\t\t<\/section>\n\t\t\t\t<\/div>\n\t\t","protected":false},"excerpt":{"rendered":"<p>U\u010ditel\u00e9 v&nbsp;anglo-americk\u00e9m sv\u011bt\u011b za\u010dali v&nbsp;posledn\u00edch letech do sv\u00fdch t\u0159\u00edd uv\u00e1d\u011bt nov\u00e9 postupy zalo\u017een\u00e9 na nejnov\u011bj\u0161\u00edch poznatc\u00edch kognitivn\u00edch v\u011bd. K n\u00e1m se tato praxe pod r\u016fzn\u00fdmi n\u00e1zvy \u2013&nbsp; explicitn\u00ed v\u00fduka, responzivn\u00ed v\u00fduka nebo formativn\u00ed hodnocen\u00ed \u2013 dost\u00e1v\u00e1 p\u0159edev\u0161\u00edm d\u00edky publikac\u00edm nakladatelstv\u00ed PublishED a blogu Pavla Bobka na webu Otev\u0159ena. C\u00edlem str\u00e1nky \u201e\u010ce\u0161tina explicitn\u011b\u201c je uk\u00e1zat aplikaci &hellip; <\/p>\n<p class=\"link-more\"><a href=\"https:\/\/www.cestinaexplicitne.cz\/?page_id=8\" class=\"more-link\">Read more<span class=\"screen-reader-text\"> &#8222;O \u010dem to tu je&#8220;<\/span><\/a><\/p>\n","protected":false},"author":1,"featured_media":0,"parent":0,"menu_order":0,"comment_status":"closed","ping_status":"closed","template":"","meta":{"footnotes":""},"class_list":["post-8","page","type-page","status-publish","hentry"],"_links":{"self":[{"href":"https:\/\/www.cestinaexplicitne.cz\/index.php?rest_route=\/wp\/v2\/pages\/8","targetHints":{"allow":["GET"]}}],"collection":[{"href":"https:\/\/www.cestinaexplicitne.cz\/index.php?rest_route=\/wp\/v2\/pages"}],"about":[{"href":"https:\/\/www.cestinaexplicitne.cz\/index.php?rest_route=\/wp\/v2\/types\/page"}],"author":[{"embeddable":true,"href":"https:\/\/www.cestinaexplicitne.cz\/index.php?rest_route=\/wp\/v2\/users\/1"}],"replies":[{"embeddable":true,"href":"https:\/\/www.cestinaexplicitne.cz\/index.php?rest_route=%2Fwp%2Fv2%2Fcomments&post=8"}],"version-history":[{"count":11,"href":"https:\/\/www.cestinaexplicitne.cz\/index.php?rest_route=\/wp\/v2\/pages\/8\/revisions"}],"predecessor-version":[{"id":150,"href":"https:\/\/www.cestinaexplicitne.cz\/index.php?rest_route=\/wp\/v2\/pages\/8\/revisions\/150"}],"wp:attachment":[{"href":"https:\/\/www.cestinaexplicitne.cz\/index.php?rest_route=%2Fwp%2Fv2%2Fmedia&parent=8"}],"curies":[{"name":"wp","href":"https:\/\/api.w.org\/{rel}","templated":true}]}}